{"id":1960,"date":"2025-07-10T15:37:07","date_gmt":"2025-07-10T13:37:07","guid":{"rendered":"https:\/\/arbonature-elagage-doussaint.fr\/?page_id=1960"},"modified":"2025-12-16T11:42:52","modified_gmt":"2025-12-16T10:42:52","slug":"elagage","status":"publish","type":"page","link":"https:\/\/arbonature-elagage-doussaint.fr\/elagage\/","title":{"rendered":"\u00c9lagage"},"content":{"rendered":"\t\t<div data-elementor-type=\"wp-page\" data-elementor-id=\"1960\" class=\"elementor elementor-1960\" data-elementor-post-type=\"page\">\n\t\t\t\t\t\t<section class=\"elementor-section elementor-top-section elementor-element elementor-element-2aeb945b elementor-section-height-min-height elementor-section-content-middle elementor-section-stretched elementor-section-boxed elementor-section-height-default elementor-section-items-middle jltma-glass-effect-no wpr-particle-no wpr-jarallax-no wpr-parallax-no wpr-sticky-section-no\" data-id=\"2aeb945b\" data-element_type=\"section\" data-settings=\"{&quot;background_background&quot;:&quot;slideshow&quot;,&quot;background_slideshow_gallery&quot;:[{&quot;id&quot;:2017,&quot;url&quot;:&quot;https:\\\/\\\/arbonature-elagage-doussaint.fr\\\/wp-content\\\/uploads\\\/2025\\\/07\\\/slid3.jpg&quot;}],&quot;background_slideshow_slide_duration&quot;:3000,&quot;background_slideshow_transition_duration&quot;:300,&quot;stretch_section&quot;:&quot;section-stretched&quot;,&quot;background_slideshow_loop&quot;:&quot;yes&quot;,&quot;background_slideshow_slide_transition&quot;:&quot;fade&quot;}\">\n\t\t\t\t\t\t\t<div class=\"elementor-background-overlay\"><\/div>\n\t\t\t\t\t\t\t<div class=\"elementor-container elementor-column-gap-default\">\n\t\t\t\t\t<div class=\"elementor-column elementor-col-100 elementor-top-column elementor-element elementor-element-6bc9c6a1 jltma-glass-effect-no\" data-id=\"6bc9c6a1\" data-element_type=\"column\">\n\t\t\t<div class=\"elementor-widget-wrap elementor-element-populated\">\n\t\t\t\t\t\t\t<\/div>\n\t\t<\/div>\n\t\t\t\t\t<\/div>\n\t\t<\/section>\n\t\t\t\t<section class=\"elementor-section elementor-top-section elementor-element elementor-element-2bff73f6 elementor-section-content-middle elementor-section-stretched elementor-section-boxed elementor-section-height-default elementor-section-height-default jltma-glass-effect-no wpr-particle-no wpr-jarallax-no wpr-parallax-no wpr-sticky-section-no\" data-id=\"2bff73f6\" data-element_type=\"section\" data-settings=\"{&quot;stretch_section&quot;:&quot;section-stretched&quot;,&quot;background_background&quot;:&quot;classic&quot;}\">\n\t\t\t\t\t\t\t<div class=\"elementor-background-overlay\"><\/div>\n\t\t\t\t\t\t\t<div class=\"elementor-container elementor-column-gap-default\">\n\t\t\t\t\t<div class=\"elementor-column elementor-col-100 elementor-top-column elementor-element elementor-element-143fc7b8 jltma-glass-effect-no\" data-id=\"143fc7b8\" data-element_type=\"column\">\n\t\t\t<div class=\"elementor-widget-wrap elementor-element-populated\">\n\t\t\t\t\t\t<div class=\"elementor-element elementor-element-22eaac0f jltma-glass-effect-no elementor-invisible elementor-widget elementor-widget-heading\" data-id=\"22eaac0f\" data-element_type=\"widget\" data-settings=\"{&quot;_animation&quot;:&quot;fadeInDown&quot;}\" data-widget_type=\"heading.default\">\n\t\t\t\t<div class=\"elementor-widget-container\">\n\t\t\t\t\t<h1 class=\"elementor-heading-title elementor-size-default\">\u00c9lagage d\u2019arbres \u00e0 Rouill\u00e9<\/h1>\t\t\t\t<\/div>\n\t\t\t\t<\/div>\n\t\t\t\t<div class=\"elementor-element elementor-element-321d23e0 jltma-glass-effect-no elementor-widget elementor-widget-text-editor\" data-id=\"321d23e0\" data-element_type=\"widget\" data-widget_type=\"text-editor.default\">\n\t\t\t\t<div class=\"elementor-widget-container\">\n\t\t\t\t\t\t\t\t\t<p><strong><a href=\"https:\/\/arbonature-elagage-doussaint.fr\/\">Arbo\u2019Nature<\/a><\/strong><span> est une entreprise sp\u00e9cialis\u00e9e\u00a0<\/span>dans l\u2019<span style=\"text-decoration: underline;\"><a href=\"https:\/\/arbonature-elagage-doussaint.fr\/\"><strong>entretien d\u2019espace vert dans le secteur de Rouill\u00e9<\/strong><\/a><\/span>.<a href=\"https:\/\/arbonature-elagage-doussaint.fr\/\"><strong><br \/><\/strong><\/a><span>Elle r\u00e9alise l\u2019\u00e9lagage de vos arbres de toute hauteur pour s\u00e9curiser vos espaces verts ext\u00e9rieurs et couper les branches qui pr\u00e9sentent des faiblesses ou des probl\u00e8mes de croissance dans le but d\u2019orienter ou de limiter leur d\u00e9veloppement.<\/span><\/p>\t\t\t\t\t\t\t\t<\/div>\n\t\t\t\t<\/div>\n\t\t\t\t<section class=\"elementor-section elementor-inner-section elementor-element elementor-element-52f6aaeb elementor-section-content-middle elementor-section-boxed elementor-section-height-default elementor-section-height-default jltma-glass-effect-no wpr-particle-no wpr-jarallax-no wpr-parallax-no wpr-sticky-section-no\" data-id=\"52f6aaeb\" data-element_type=\"section\">\n\t\t\t\t\t\t<div class=\"elementor-container elementor-column-gap-default\">\n\t\t\t\t\t<div class=\"elementor-column elementor-col-50 elementor-inner-column elementor-element elementor-element-23c06d10 jltma-glass-effect-no\" data-id=\"23c06d10\" data-element_type=\"column\">\n\t\t\t<div class=\"elementor-widget-wrap elementor-element-populated\">\n\t\t\t\t\t\t<div class=\"elementor-element elementor-element-55a6a2a5 jltma-glass-effect-no elementor-widget elementor-widget-image\" data-id=\"55a6a2a5\" data-element_type=\"widget\" data-widget_type=\"image.default\">\n\t\t\t\t<div class=\"elementor-widget-container\">\n\t\t\t\t\t\t\t\t\t\t\t\t\t\t\t<img fetchpriority=\"high\" decoding=\"async\" width=\"700\" height=\"500\" src=\"https:\/\/arbonature-elagage-doussaint.fr\/wp-content\/uploads\/2025\/07\/image3.jpg\" class=\"attachment-large size-large wp-image-2264\" alt=\"Travaux d\u2019\u00e9lagage d\u2019arbres \u00e0 Vivonne, Saint-Beno\u00eet et Vouneuil-sous-Biard\" srcset=\"https:\/\/arbonature-elagage-doussaint.fr\/wp-content\/uploads\/2025\/07\/image3.jpg 700w, https:\/\/arbonature-elagage-doussaint.fr\/wp-content\/uploads\/2025\/07\/image3-300x214.jpg 300w, https:\/\/arbonature-elagage-doussaint.fr\/wp-content\/uploads\/2025\/07\/image3-200x143.jpg 200w\" sizes=\"(max-width: 700px) 100vw, 700px\" \/>\t\t\t\t\t\t\t\t\t\t\t\t\t\t\t<\/div>\n\t\t\t\t<\/div>\n\t\t\t\t\t<\/div>\n\t\t<\/div>\n\t\t\t\t<div class=\"elementor-column elementor-col-50 elementor-inner-column elementor-element elementor-element-12cf9183 jltma-glass-effect-no\" data-id=\"12cf9183\" data-element_type=\"column\">\n\t\t\t<div class=\"elementor-widget-wrap elementor-element-populated\">\n\t\t\t\t\t\t<div class=\"elementor-element elementor-element-bf78862 jltma-glass-effect-no elementor-invisible elementor-widget elementor-widget-heading\" data-id=\"bf78862\" data-element_type=\"widget\" data-settings=\"{&quot;_animation&quot;:&quot;fadeInDown&quot;}\" data-widget_type=\"heading.default\">\n\t\t\t\t<div class=\"elementor-widget-container\">\n\t\t\t\t\t<h2 class=\"elementor-heading-title elementor-size-default\">\u00c9lagueur professionnel<\/h2>\t\t\t\t<\/div>\n\t\t\t\t<\/div>\n\t\t\t\t<div class=\"elementor-element elementor-element-56007090 jltma-glass-effect-no elementor-widget elementor-widget-text-editor\" data-id=\"56007090\" data-element_type=\"widget\" data-widget_type=\"text-editor.default\">\n\t\t\t\t<div class=\"elementor-widget-container\">\n\t\t\t\t\t\t\t\t\t<p>Arbo\u2019Nature assure les travaux d\u2019\u00e9lagage pour s\u00e9curiser ou former les haies, arbustes et arbres tout en s\u2019adaptant aux sp\u00e9cificit\u00e9s de chaque arbre. Elle r\u00e9alise tous types de travaux allant d\u2019un simple entretien jusqu\u2019\u00e0 la taille et la mise en forme ou la mise en valeur de vos plantes.<\/p><p>En effet, en fonction de la croissance de l\u2019arbre et de l\u2019esp\u00e8ce, votre entreprise met \u00e0 votre disposition un \u00e9lagueur exp\u00e9riment\u00e9 qui intervient pour r\u00e9aliser tous types de travaux d\u2019\u00e9lagage dans le but de s\u00e9curiser votre entourage ou de travailler la forme des arbres selon vos besoins. Les arbres comme les saules pleureurs ont tendance \u00e0 prendre \u00e9norm\u00e9ment de place. Les branches tombent \u00e0 terre et il est important d\u2019\u00e9laguer r\u00e9guli\u00e8rement les arbres afin de leur offrir une pousse saine et d\u00e9limiter la place qu\u2019il prend au sein de votre jardin<\/p>\t\t\t\t\t\t\t\t<\/div>\n\t\t\t\t<\/div>\n\t\t\t\t\t<\/div>\n\t\t<\/div>\n\t\t\t\t\t<\/div>\n\t\t<\/section>\n\t\t\t\t<section class=\"elementor-section elementor-inner-section elementor-element elementor-element-3f8ef00b elementor-section-content-middle elementor-reverse-tablet elementor-reverse-mobile elementor-section-boxed elementor-section-height-default elementor-section-height-default jltma-glass-effect-no wpr-particle-no wpr-jarallax-no wpr-parallax-no wpr-sticky-section-no\" data-id=\"3f8ef00b\" data-element_type=\"section\">\n\t\t\t\t\t\t<div class=\"elementor-container elementor-column-gap-default\">\n\t\t\t\t\t<div class=\"elementor-column elementor-col-50 elementor-inner-column elementor-element elementor-element-1fcbe799 jltma-glass-effect-no\" data-id=\"1fcbe799\" data-element_type=\"column\">\n\t\t\t<div class=\"elementor-widget-wrap elementor-element-populated\">\n\t\t\t\t\t\t<div class=\"elementor-element elementor-element-57d5e455 jltma-glass-effect-no elementor-widget elementor-widget-text-editor\" data-id=\"57d5e455\" data-element_type=\"widget\" data-widget_type=\"text-editor.default\">\n\t\t\t\t<div class=\"elementor-widget-container\">\n\t\t\t\t\t\t\t\t\t<p>Plusieurs m\u00e9thodes peuvent \u00eatre employ\u00e9es pour extraire un arbre de votre jardin, mais cela n\u00e9cessite l\u2019intervention d\u2019un sp\u00e9cialiste. Intervenant \u00e0 proximit\u00e9 de Rouill\u00e9 notamment \u00e0 Vivonne, Saint-Beno\u00eet et Vouneuil-sous-Biard, Arbo\u2019Nature vous garantit de retrouver de la lumi\u00e8re dans votre maison ou jardin en employant diff\u00e9rentes techniques d\u2019\u00e9lagage. Votre prestataire est \u00e9galement habilit\u00e9 \u00e0 intervenir pour l\u2019<strong><a href=\"https:\/\/arbonature-elagage-doussaint.fr\/abattage\/\">abattage des arbres<\/a><\/strong> et pour leur entretien.<\/p><p>Afin de limiter les risques de chutes de branches sur les passants ou sur les installations \u00e9lectriques, ou pour d\u00e9barrasser des arbres d\u00e9licats, morts, dangereux ou atteints de maladie, l\u2019\u00e9lagage d\u2019arbres forme la meilleure solution.<\/p><p>Autres communes d&rsquo;intervention pour l&rsquo;\u00e9lagage :\u00a0<br \/><strong>Fontaine-le-Comte<\/strong>, <strong>Iteuil<\/strong>, <strong>Lusignan<\/strong>, <strong>Celle-L\u00e9vescault<\/strong>, <strong>B\u00e9ruges<\/strong>, <strong>Mar\u00e7ay<\/strong>, <strong>Croutelle<\/strong>, <strong>Montreuil-Bonnin<\/strong>, <strong>Jazeneuil<\/strong>, <strong>La Chapelle-Montreuil<\/strong>.<\/p>\t\t\t\t\t\t\t\t<\/div>\n\t\t\t\t<\/div>\n\t\t\t\t\t<\/div>\n\t\t<\/div>\n\t\t\t\t<div class=\"elementor-column elementor-col-50 elementor-inner-column elementor-element elementor-element-4e0450a8 jltma-glass-effect-no\" data-id=\"4e0450a8\" data-element_type=\"column\">\n\t\t\t<div class=\"elementor-widget-wrap elementor-element-populated\">\n\t\t\t\t\t\t<div class=\"elementor-element elementor-element-2a6c97a9 jltma-glass-effect-no elementor-widget elementor-widget-image\" data-id=\"2a6c97a9\" data-element_type=\"widget\" data-widget_type=\"image.default\">\n\t\t\t\t<div class=\"elementor-widget-container\">\n\t\t\t\t\t\t\t\t\t\t\t\t\t\t\t<img decoding=\"async\" width=\"700\" height=\"500\" src=\"https:\/\/arbonature-elagage-doussaint.fr\/wp-content\/uploads\/2025\/07\/image4.jpg\" class=\"attachment-large size-large wp-image-2275\" alt=\"\u00c9lagueur professionnel intervenant \u00e0 Vivonne, Saint-Beno\u00eet et Vouneuil-sous-Biard\" srcset=\"https:\/\/arbonature-elagage-doussaint.fr\/wp-content\/uploads\/2025\/07\/image4.jpg 700w, https:\/\/arbonature-elagage-doussaint.fr\/wp-content\/uploads\/2025\/07\/image4-300x214.jpg 300w, https:\/\/arbonature-elagage-doussaint.fr\/wp-content\/uploads\/2025\/07\/image4-200x143.jpg 200w\" sizes=\"(max-width: 700px) 100vw, 700px\" \/>\t\t\t\t\t\t\t\t\t\t\t\t\t\t\t<\/div>\n\t\t\t\t<\/div>\n\t\t\t\t\t<\/div>\n\t\t<\/div>\n\t\t\t\t\t<\/div>\n\t\t<\/section>\n\t\t\t\t\t<\/div>\n\t\t<\/div>\n\t\t\t\t\t<\/div>\n\t\t<\/section>\n\t\t\t\t<section class=\"elementor-section elementor-top-section elementor-element elementor-element-320ebca7 elementor-section-height-min-height elementor-section-content-middle elementor-section-stretched elementor-section-boxed elementor-section-height-default elementor-section-items-middle jltma-glass-effect-no wpr-particle-no wpr-jarallax-no wpr-parallax-no wpr-sticky-section-no\" data-id=\"320ebca7\" data-element_type=\"section\" data-settings=\"{&quot;stretch_section&quot;:&quot;section-stretched&quot;,&quot;background_background&quot;:&quot;classic&quot;,&quot;shape_divider_top&quot;:&quot;mountains&quot;}\">\n\t\t\t\t\t\t\t<div class=\"elementor-background-overlay\"><\/div>\n\t\t\t\t\t\t<div class=\"elementor-shape elementor-shape-top\" aria-hidden=\"true\" data-negative=\"false\">\n\t\t\t<svg xmlns=\"http:\/\/www.w3.org\/2000\/svg\" viewBox=\"0 0 1000 100\" preserveAspectRatio=\"none\">\n\t<path class=\"elementor-shape-fill\" opacity=\"0.33\" d=\"M473,67.3c-203.9,88.3-263.1-34-320.3,0C66,119.1,0,59.7,0,59.7V0h1000v59.7 c0,0-62.1,26.1-94.9,29.3c-32.8,3.3-62.8-12.3-75.8-22.1C806,49.6,745.3,8.7,694.9,4.7S492.4,59,473,67.3z\"\/>\n\t<path class=\"elementor-shape-fill\" opacity=\"0.66\" d=\"M734,67.3c-45.5,0-77.2-23.2-129.1-39.1c-28.6-8.7-150.3-10.1-254,39.1 s-91.7-34.4-149.2,0C115.7,118.3,0,39.8,0,39.8V0h1000v36.5c0,0-28.2-18.5-92.1-18.5C810.2,18.1,775.7,67.3,734,67.3z\"\/>\n\t<path class=\"elementor-shape-fill\" d=\"M766.1,28.9c-200-57.5-266,65.5-395.1,19.5C242,1.8,242,5.4,184.8,20.6C128,35.8,132.3,44.9,89.9,52.5C28.6,63.7,0,0,0,0 h1000c0,0-9.9,40.9-83.6,48.1S829.6,47,766.1,28.9z\"\/>\n<\/svg>\t\t<\/div>\n\t\t\t\t\t<div class=\"elementor-container elementor-column-gap-default\">\n\t\t\t\t\t<div class=\"elementor-column elementor-col-100 elementor-top-column elementor-element elementor-element-5f65a919 jltma-glass-effect-no\" data-id=\"5f65a919\" data-element_type=\"column\">\n\t\t\t<div class=\"elementor-widget-wrap elementor-element-populated\">\n\t\t\t\t\t\t<div class=\"elementor-element elementor-element-45cebbfc jltma-glass-effect-no elementor-widget elementor-widget-heading\" data-id=\"45cebbfc\" data-element_type=\"widget\" data-widget_type=\"heading.default\">\n\t\t\t\t<div class=\"elementor-widget-container\">\n\t\t\t\t\t<span class=\"elementor-heading-title elementor-size-default\">Contactez-nous<\/span>\t\t\t\t<\/div>\n\t\t\t\t<\/div>\n\t\t\t\t<div class=\"elementor-element elementor-element-7ba6b4b jltma-glass-effect-no elementor-widget elementor-widget-text-editor\" data-id=\"7ba6b4b\" data-element_type=\"widget\" data-widget_type=\"text-editor.default\">\n\t\t\t\t<div class=\"elementor-widget-container\">\n\t\t\t\t\t\t\t\t\t<p>Pour plus d\u2019informations sur le service d\u2019\u00e9lagage d\u2019arbres, n\u2019h\u00e9sitez pas \u00e0 <strong><a href=\"https:\/\/arbonature-elagage-doussaint.fr\/contact-devis\/\">contacter<\/a><\/strong> Arbo\u2019Nature au <strong><a href=\"tel:0617233620\">06.17.23.36.20<\/a><\/strong>.<\/p>\t\t\t\t\t\t\t\t<\/div>\n\t\t\t\t<\/div>\n\t\t\t\t\t<\/div>\n\t\t<\/div>\n\t\t\t\t\t<\/div>\n\t\t<\/section>\n\t\t\t\t<\/div>\n\t\t","protected":false},"excerpt":{"rendered":"<p>\u00c9lagage d\u2019arbres \u00e0 Rouill\u00e9 Arbo\u2019Nature est une entreprise sp\u00e9cialis\u00e9e\u00a0dans l\u2019entretien d\u2019espace vert dans le secteur de Rouill\u00e9.Elle r\u00e9alise l\u2019\u00e9lagage de vos arbres de toute hauteur pour s\u00e9curiser vos espaces verts ext\u00e9rieurs et couper les branches qui pr\u00e9sentent des faiblesses ou des probl\u00e8mes de croissance dans le but d\u2019orienter ou de<\/p>\n","protected":false},"author":38,"featured_media":0,"parent":0,"menu_order":0,"comment_status":"closed","ping_status":"closed","template":"","meta":{"footnotes":""},"class_list":["post-1960","page","type-page","status-publish","hentry"],"aioseo_notices":[],"_links":{"self":[{"href":"https:\/\/arbonature-elagage-doussaint.fr\/nov-apijson\/wp\/v2\/pages\/1960","targetHints":{"allow":["GET"]}}],"collection":[{"href":"https:\/\/arbonature-elagage-doussaint.fr\/nov-apijson\/wp\/v2\/pages"}],"about":[{"href":"https:\/\/arbonature-elagage-doussaint.fr\/nov-apijson\/wp\/v2\/types\/page"}],"author":[{"embeddable":true,"href":"https:\/\/arbonature-elagage-doussaint.fr\/nov-apijson\/wp\/v2\/users\/38"}],"replies":[{"embeddable":true,"href":"https:\/\/arbonature-elagage-doussaint.fr\/nov-apijson\/wp\/v2\/comments?post=1960"}],"version-history":[{"count":53,"href":"https:\/\/arbonature-elagage-doussaint.fr\/nov-apijson\/wp\/v2\/pages\/1960\/revisions"}],"predecessor-version":[{"id":2642,"href":"https:\/\/arbonature-elagage-doussaint.fr\/nov-apijson\/wp\/v2\/pages\/1960\/revisions\/2642"}],"wp:attachment":[{"href":"https:\/\/arbonature-elagage-doussaint.fr\/nov-apijson\/wp\/v2\/media?parent=1960"}],"curies":[{"name":"wp","href":"https:\/\/api.w.org\/{rel}","templated":true}]}}