{"id":1968,"date":"2025-07-10T16:47:36","date_gmt":"2025-07-10T14:47:36","guid":{"rendered":"https:\/\/arbonature-elagage-doussaint.fr\/?page_id=1968"},"modified":"2025-07-14T13:04:38","modified_gmt":"2025-07-14T11:04:38","slug":"actualites","status":"publish","type":"page","link":"https:\/\/arbonature-elagage-doussaint.fr\/actualites\/","title":{"rendered":"Actualit\u00e9s"},"content":{"rendered":"\t\t<div data-elementor-type=\"wp-page\" data-elementor-id=\"1968\" class=\"elementor elementor-1968\" data-elementor-post-type=\"page\">\n\t\t\t\t\t\t<section class=\"elementor-section elementor-top-section elementor-element elementor-element-a046fb elementor-section-height-min-height elementor-section-content-middle elementor-section-stretched elementor-section-boxed elementor-section-height-default elementor-section-items-middle wpr-particle-no wpr-jarallax-no wpr-parallax-no wpr-sticky-section-no jltma-glass-effect-no wpr-column-slider-no wpr-equal-height-no\" data-id=\"a046fb\" data-element_type=\"section\" data-e-type=\"section\" data-settings=\"{&quot;background_background&quot;:&quot;slideshow&quot;,&quot;background_slideshow_gallery&quot;:[{&quot;id&quot;:2016,&quot;url&quot;:&quot;https:\\\/\\\/arbonature-elagage-doussaint.fr\\\/wp-content\\\/uploads\\\/2025\\\/07\\\/slid2.jpg&quot;},{&quot;id&quot;:2015,&quot;url&quot;:&quot;https:\\\/\\\/arbonature-elagage-doussaint.fr\\\/wp-content\\\/uploads\\\/2025\\\/07\\\/slid1.jpg&quot;},{&quot;id&quot;:2017,&quot;url&quot;:&quot;https:\\\/\\\/arbonature-elagage-doussaint.fr\\\/wp-content\\\/uploads\\\/2025\\\/07\\\/slid3.jpg&quot;}],&quot;background_slideshow_slide_duration&quot;:3000,&quot;background_slideshow_transition_duration&quot;:300,&quot;stretch_section&quot;:&quot;section-stretched&quot;,&quot;background_slideshow_loop&quot;:&quot;yes&quot;,&quot;background_slideshow_slide_transition&quot;:&quot;fade&quot;}\">\n\t\t\t\t\t\t\t<div class=\"elementor-background-overlay\"><\/div>\n\t\t\t\t\t\t\t<div class=\"elementor-container elementor-column-gap-default\">\n\t\t\t\t\t<div class=\"elementor-column elementor-col-100 elementor-top-column elementor-element elementor-element-202b3d9c jltma-glass-effect-no\" data-id=\"202b3d9c\" data-element_type=\"column\" data-e-type=\"column\">\n\t\t\t<div class=\"elementor-widget-wrap elementor-element-populated\">\n\t\t\t\t\t\t\t<\/div>\n\t\t<\/div>\n\t\t\t\t\t<\/div>\n\t\t<\/section>\n\t\t\t\t<section class=\"elementor-section elementor-top-section elementor-element elementor-element-6b2a177b elementor-section-content-middle elementor-section-stretched elementor-section-boxed elementor-section-height-default elementor-section-height-default wpr-particle-no wpr-jarallax-no wpr-parallax-no wpr-sticky-section-no jltma-glass-effect-no wpr-column-slider-no wpr-equal-height-no\" data-id=\"6b2a177b\" data-element_type=\"section\" data-e-type=\"section\" data-settings=\"{&quot;stretch_section&quot;:&quot;section-stretched&quot;,&quot;background_background&quot;:&quot;classic&quot;}\">\n\t\t\t\t\t\t\t<div class=\"elementor-background-overlay\"><\/div>\n\t\t\t\t\t\t\t<div class=\"elementor-container elementor-column-gap-default\">\n\t\t\t\t\t<div class=\"elementor-column elementor-col-100 elementor-top-column elementor-element elementor-element-1b91fed2 jltma-glass-effect-no\" data-id=\"1b91fed2\" data-element_type=\"column\" data-e-type=\"column\">\n\t\t\t<div class=\"elementor-widget-wrap elementor-element-populated\">\n\t\t\t\t\t\t<div class=\"elementor-element elementor-element-2d0df4c6 jltma-glass-effect-no elementor-invisible elementor-widget elementor-widget-heading\" data-id=\"2d0df4c6\" data-element_type=\"widget\" data-e-type=\"widget\" data-settings=\"{&quot;_animation&quot;:&quot;fadeInDown&quot;}\" data-widget_type=\"heading.default\">\n\t\t\t\t<div class=\"elementor-widget-container\">\n\t\t\t\t\t<h1 class=\"elementor-heading-title elementor-size-default\">D\u00e9couvrez les actualit\u00e9s d\u2019Arbo'Nature pr\u00e8s de Lusignan<\/h1>\t\t\t\t<\/div>\n\t\t\t\t<\/div>\n\t\t\t\t<div class=\"elementor-element elementor-element-70efbb3 elementor-posts--align-center elementor-grid-3 elementor-grid-tablet-2 elementor-grid-mobile-1 elementor-posts--thumbnail-top jltma-glass-effect-no elementor-widget elementor-widget-posts\" data-id=\"70efbb3\" data-element_type=\"widget\" data-e-type=\"widget\" data-settings=\"{&quot;classic_columns&quot;:&quot;3&quot;,&quot;classic_columns_tablet&quot;:&quot;2&quot;,&quot;classic_columns_mobile&quot;:&quot;1&quot;,&quot;classic_row_gap&quot;:{&quot;unit&quot;:&quot;px&quot;,&quot;size&quot;:35,&quot;sizes&quot;:[]},&quot;classic_row_gap_tablet&quot;:{&quot;unit&quot;:&quot;px&quot;,&quot;size&quot;:&quot;&quot;,&quot;sizes&quot;:[]},&quot;classic_row_gap_mobile&quot;:{&quot;unit&quot;:&quot;px&quot;,&quot;size&quot;:&quot;&quot;,&quot;sizes&quot;:[]}}\" data-widget_type=\"posts.classic\">\n\t\t\t\t<div class=\"elementor-widget-container\">\n\t\t\t\t\t\t\t<div class=\"elementor-posts-container elementor-posts elementor-posts--skin-classic elementor-grid\" role=\"list\">\n\t\t\t\t<article class=\"elementor-post elementor-grid-item post-2334 post type-post status-publish format-standard has-post-thumbnail hentry category-par-defaut\" role=\"listitem\">\n\t\t\t\t<a class=\"elementor-post__thumbnail__link\" href=\"https:\/\/arbonature-elagage-doussaint.fr\/2025\/07\/14\/elagage-cedre-du-liban-vienne-86\/\" tabindex=\"-1\" >\n\t\t\t<div class=\"elementor-post__thumbnail\"><img fetchpriority=\"high\" decoding=\"async\" width=\"750\" height=\"1000\" src=\"https:\/\/arbonature-elagage-doussaint.fr\/wp-content\/uploads\/2025\/07\/1-768x1024.jpg\" class=\"attachment-large size-large wp-image-2480\" alt=\"\" srcset=\"https:\/\/arbonature-elagage-doussaint.fr\/wp-content\/uploads\/2025\/07\/1-768x1024.jpg 768w, https:\/\/arbonature-elagage-doussaint.fr\/wp-content\/uploads\/2025\/07\/1-225x300.jpg 225w, https:\/\/arbonature-elagage-doussaint.fr\/wp-content\/uploads\/2025\/07\/1-1152x1536.jpg 1152w, https:\/\/arbonature-elagage-doussaint.fr\/wp-content\/uploads\/2025\/07\/1-200x267.jpg 200w, https:\/\/arbonature-elagage-doussaint.fr\/wp-content\/uploads\/2025\/07\/1.jpg 1200w\" sizes=\"(max-width: 750px) 100vw, 750px\" \/><\/div>\n\t\t<\/a>\n\t\t\t\t<div class=\"elementor-post__text\">\n\t\t\t\t<span class=\"elementor-post__title\">\n\t\t\t<a href=\"https:\/\/arbonature-elagage-doussaint.fr\/2025\/07\/14\/elagage-cedre-du-liban-vienne-86\/\" >\n\t\t\t\t\u00c9lagage d\u2019un c\u00e8dre du Liban (86) : r\u00e9duction &#038; s\u00e9curit\u00e9\t\t\t<\/a>\n\t\t<\/span>\n\t\t\t\t<div class=\"elementor-post__excerpt\">\n\t\t\t<p>Retour Taille et entretien d\u2019un c\u00e8dre du Liban (86) r\u00e9duction de couronne et nettoyage du bois mort pour la s\u00e9curit\u00e9 ARBO\u2019NATURE est r\u00e9cemment intervenu sur la taille d&rsquo;un c\u00e8dre du Liban situ\u00e9 dans le d\u00e9partement de la Vienne (86). Notre mission : r\u00e9aliser une r\u00e9duction de l\u2019ensemble des branches et<\/p>\n\t\t<\/div>\n\t\t\n\t\t<a class=\"elementor-post__read-more\" href=\"https:\/\/arbonature-elagage-doussaint.fr\/2025\/07\/14\/elagage-cedre-du-liban-vienne-86\/\" aria-label=\"En savoir plus sur \u00c9lagage d\u2019un c\u00e8dre du Liban (86) : r\u00e9duction &#038; s\u00e9curit\u00e9\" tabindex=\"-1\" >\n\t\t\tLire la suite \u00bb\t\t<\/a>\n\n\t\t\t\t<\/div>\n\t\t\t\t<\/article>\n\t\t\t\t<\/div>\n\t\t\n\t\t\t\t\t\t<\/div>\n\t\t\t\t<\/div>\n\t\t\t\t\t<\/div>\n\t\t<\/div>\n\t\t\t\t\t<\/div>\n\t\t<\/section>\n\t\t\t\t<\/div>\n\t\t","protected":false},"excerpt":{"rendered":"<p>D\u00e9couvrez les actualit\u00e9s d\u2019Arbo&rsquo;Nature pr\u00e8s de Lusignan<\/p>\n","protected":false},"author":38,"featured_media":0,"parent":0,"menu_order":0,"comment_status":"closed","ping_status":"closed","template":"","meta":{"footnotes":"","_members_access_role":[],"_members_access_error":""},"class_list":["post-1968","page","type-page","status-publish","hentry"],"aioseo_notices":[],"aioseo_head":"\n\t\t<!-- All in One SEO 5.0.1.1 - aioseo.com -->\n\t<meta name=\"description\" content=\"R\u00e9duction de couronne et nettoyage du bois mort sur un c\u00e8dre du Liban dans la Vienne (86) pour s\u00e9curiser les b\u00e2timents. Devis ARBO\u2019NATURE.\" \/>\n\t<meta name=\"robots\" content=\"max-snippet:-1, max-image-preview:large, max-video-preview:-1\" \/>\n\t<link rel=\"canonical\" href=\"https:\/\/arbonature-elagage-doussaint.fr\/2025\/07\/14\/elagage-cedre-du-liban-vienne-86\/\" \/>\n\t<meta name=\"generator\" content=\"All in One SEO (AIOSEO) 5.0.1.1\" \/>\n\t\t<meta property=\"og:locale\" content=\"fr_FR\" \/>\n\t\t<meta property=\"og:site_name\" content=\"NOWA\" \/>\n\t\t<meta property=\"og:type\" content=\"article\" \/>\n\t\t<meta property=\"og:title\" content=\"\u00c9lagage d\u2019un c\u00e8dre du Liban (86) : r\u00e9duction &amp; s\u00e9curit\u00e9\" \/>\n\t\t<meta property=\"og:description\" content=\"R\u00e9duction de couronne et nettoyage du bois mort sur un c\u00e8dre du Liban dans la Vienne (86) pour s\u00e9curiser les b\u00e2timents. Devis ARBO\u2019NATURE.\" \/>\n\t\t<meta property=\"og:url\" content=\"https:\/\/arbonature-elagage-doussaint.fr\/2025\/07\/14\/elagage-cedre-du-liban-vienne-86\/\" \/>\n\t\t<meta property=\"og:image\" content=\"https:\/\/arbonature-elagage-doussaint.fr\/wp-content\/uploads\/2025\/07\/1.jpg\" \/>\n\t\t<meta property=\"og:image:secure_url\" content=\"https:\/\/arbonature-elagage-doussaint.fr\/wp-content\/uploads\/2025\/07\/1.jpg\" \/>\n\t\t<meta property=\"og:image:width\" content=\"1200\" \/>\n\t\t<meta property=\"og:image:height\" content=\"1600\" \/>\n\t\t<meta property=\"article:published_time\" content=\"2025-07-14T10:38:05+00:00\" \/>\n\t\t<meta property=\"article:modified_time\" content=\"2025-11-07T10:18:16+00:00\" \/>\n\t\t<meta name=\"twitter:card\" content=\"summary\" \/>\n\t\t<meta name=\"twitter:title\" content=\"\u00c9lagage d\u2019un c\u00e8dre du Liban (86) : r\u00e9duction &amp; s\u00e9curit\u00e9\" \/>\n\t\t<meta name=\"twitter:description\" content=\"R\u00e9duction de couronne et nettoyage du bois mort sur un c\u00e8dre du Liban dans la Vienne (86) pour s\u00e9curiser les b\u00e2timents. Devis ARBO\u2019NATURE.\" \/>\n\t\t<meta name=\"twitter:image\" content=\"https:\/\/arbonature-elagage-doussaint.fr\/wp-content\/uploads\/2025\/07\/1.jpg\" \/>\n\t\t<script type=\"application\/ld+json\" class=\"aioseo-schema\">\n\t\t\t{\"@context\":\"https:\\\/\\\/schema.org\",\"@graph\":[{\"@type\":\"Article\",\"@id\":\"https:\\\/\\\/arbonature-elagage-doussaint.fr\\\/2025\\\/07\\\/14\\\/elagage-cedre-du-liban-vienne-86\\\/#article\",\"name\":\"\\u00c9lagage d\\u2019un c\\u00e8dre du Liban (86) : r\\u00e9duction & s\\u00e9curit\\u00e9\",\"headline\":\"\\u00c9lagage d\\u2019un c\\u00e8dre du Liban (86) : r\\u00e9duction &#038; s\\u00e9curit\\u00e9\",\"author\":{\"@id\":\"https:\\\/\\\/arbonature-elagage-doussaint.fr\\\/author\\\/graph\\\/#author\"},\"publisher\":{\"@id\":\"https:\\\/\\\/arbonature-elagage-doussaint.fr\\\/#organization\"},\"image\":{\"@type\":\"ImageObject\",\"url\":\"https:\\\/\\\/arbonature-elagage-doussaint.fr\\\/wp-content\\\/uploads\\\/2025\\\/07\\\/1.jpg\",\"width\":1200,\"height\":1600},\"datePublished\":\"2025-07-14T12:38:05+02:00\",\"dateModified\":\"2025-11-07T11:18:16+01:00\",\"inLanguage\":\"fr-FR\",\"mainEntityOfPage\":{\"@id\":\"https:\\\/\\\/arbonature-elagage-doussaint.fr\\\/2025\\\/07\\\/14\\\/elagage-cedre-du-liban-vienne-86\\\/#webpage\"},\"isPartOf\":{\"@id\":\"https:\\\/\\\/arbonature-elagage-doussaint.fr\\\/2025\\\/07\\\/14\\\/elagage-cedre-du-liban-vienne-86\\\/#webpage\"},\"articleSection\":\"Par d\\u00e9faut\"},{\"@type\":\"BreadcrumbList\",\"@id\":\"https:\\\/\\\/arbonature-elagage-doussaint.fr\\\/2025\\\/07\\\/14\\\/elagage-cedre-du-liban-vienne-86\\\/#breadcrumblist\",\"itemListElement\":[{\"@type\":\"ListItem\",\"@id\":\"https:\\\/\\\/arbonature-elagage-doussaint.fr#listItem\",\"position\":1,\"name\":\"Home\",\"item\":\"https:\\\/\\\/arbonature-elagage-doussaint.fr\",\"nextItem\":{\"@type\":\"ListItem\",\"@id\":\"https:\\\/\\\/arbonature-elagage-doussaint.fr\\\/actualites\\\/#listItem\",\"name\":\"Actualit\\u00e9s\"}},{\"@type\":\"ListItem\",\"@id\":\"https:\\\/\\\/arbonature-elagage-doussaint.fr\\\/actualites\\\/#listItem\",\"position\":2,\"name\":\"Actualit\\u00e9s\",\"previousItem\":{\"@type\":\"ListItem\",\"@id\":\"https:\\\/\\\/arbonature-elagage-doussaint.fr#listItem\",\"name\":\"Home\"}}]},{\"@type\":\"Organization\",\"@id\":\"https:\\\/\\\/arbonature-elagage-doussaint.fr\\\/#organization\",\"name\":\"arbonature-elagage-doussaint.fr\",\"url\":\"https:\\\/\\\/arbonature-elagage-doussaint.fr\\\/\"},{\"@type\":\"Person\",\"@id\":\"https:\\\/\\\/arbonature-elagage-doussaint.fr\\\/author\\\/graph\\\/#author\",\"url\":\"https:\\\/\\\/arbonature-elagage-doussaint.fr\\\/author\\\/graph\\\/\",\"name\":\"graph\",\"image\":{\"@type\":\"ImageObject\",\"@id\":\"https:\\\/\\\/arbonature-elagage-doussaint.fr\\\/2025\\\/07\\\/14\\\/elagage-cedre-du-liban-vienne-86\\\/#authorImage\",\"url\":\"https:\\\/\\\/secure.gravatar.com\\\/avatar\\\/7f5520d18df578cd925368726d1b876bf5a47e72717fd893a965964167c5c053?s=96&d=mm&r=g\",\"width\":96,\"height\":96,\"caption\":\"graph\"}},{\"@type\":\"WebPage\",\"@id\":\"https:\\\/\\\/arbonature-elagage-doussaint.fr\\\/2025\\\/07\\\/14\\\/elagage-cedre-du-liban-vienne-86\\\/#webpage\",\"url\":\"https:\\\/\\\/arbonature-elagage-doussaint.fr\\\/2025\\\/07\\\/14\\\/elagage-cedre-du-liban-vienne-86\\\/\",\"name\":\"\\u00c9lagage d\\u2019un c\\u00e8dre du Liban (86) : r\\u00e9duction & s\\u00e9curit\\u00e9\",\"description\":\"R\\u00e9duction de couronne et nettoyage du bois mort sur un c\\u00e8dre du Liban dans la Vienne (86) pour s\\u00e9curiser les b\\u00e2timents. Devis ARBO\\u2019NATURE.\",\"inLanguage\":\"fr-FR\",\"isPartOf\":{\"@id\":\"https:\\\/\\\/arbonature-elagage-doussaint.fr\\\/#website\"},\"breadcrumb\":{\"@id\":\"https:\\\/\\\/arbonature-elagage-doussaint.fr\\\/2025\\\/07\\\/14\\\/elagage-cedre-du-liban-vienne-86\\\/#breadcrumblist\"},\"author\":{\"@id\":\"https:\\\/\\\/arbonature-elagage-doussaint.fr\\\/author\\\/graph\\\/#author\"},\"creator\":{\"@id\":\"https:\\\/\\\/arbonature-elagage-doussaint.fr\\\/author\\\/graph\\\/#author\"},\"image\":{\"@type\":\"ImageObject\",\"url\":\"https:\\\/\\\/arbonature-elagage-doussaint.fr\\\/wp-content\\\/uploads\\\/2025\\\/07\\\/1.jpg\",\"@id\":\"https:\\\/\\\/arbonature-elagage-doussaint.fr\\\/2025\\\/07\\\/14\\\/elagage-cedre-du-liban-vienne-86\\\/#mainImage\",\"width\":1200,\"height\":1600},\"primaryImageOfPage\":{\"@id\":\"https:\\\/\\\/arbonature-elagage-doussaint.fr\\\/2025\\\/07\\\/14\\\/elagage-cedre-du-liban-vienne-86\\\/#mainImage\"},\"datePublished\":\"2025-07-14T12:38:05+02:00\",\"dateModified\":\"2025-11-07T11:18:16+01:00\"},{\"@type\":\"WebSite\",\"@id\":\"https:\\\/\\\/arbonature-elagage-doussaint.fr\\\/#website\",\"url\":\"https:\\\/\\\/arbonature-elagage-doussaint.fr\\\/\",\"name\":\"NOWA\",\"inLanguage\":\"fr-FR\",\"publisher\":{\"@id\":\"https:\\\/\\\/arbonature-elagage-doussaint.fr\\\/#organization\"}}]}\n\t\t<\/script>\n\t\t<!-- All in One SEO -->\n\n","aioseo_head_json":{"title":"\u00c9lagage d\u2019un c\u00e8dre du Liban (86) : r\u00e9duction & s\u00e9curit\u00e9","description":"R\u00e9duction de couronne et nettoyage du bois mort sur un c\u00e8dre du Liban dans la Vienne (86) pour s\u00e9curiser les b\u00e2timents. Devis ARBO\u2019NATURE.","canonical_url":"https:\/\/arbonature-elagage-doussaint.fr\/2025\/07\/14\/elagage-cedre-du-liban-vienne-86\/","robots":"max-snippet:-1, max-image-preview:large, max-video-preview:-1","keywords":"","webmasterTools":{"miscellaneous":""},"schema":{"@context":"https:\/\/schema.org","@graph":[{"@type":"Article","@id":"https:\/\/arbonature-elagage-doussaint.fr\/2025\/07\/14\/elagage-cedre-du-liban-vienne-86\/#article","name":"\u00c9lagage d\u2019un c\u00e8dre du Liban (86) : r\u00e9duction & s\u00e9curit\u00e9","headline":"\u00c9lagage d\u2019un c\u00e8dre du Liban (86) : r\u00e9duction &#038; s\u00e9curit\u00e9","author":{"@id":"https:\/\/arbonature-elagage-doussaint.fr\/author\/graph\/#author"},"publisher":{"@id":"https:\/\/arbonature-elagage-doussaint.fr\/#organization"},"image":{"@type":"ImageObject","url":"https:\/\/arbonature-elagage-doussaint.fr\/wp-content\/uploads\/2025\/07\/1.jpg","width":1200,"height":1600},"datePublished":"2025-07-14T12:38:05+02:00","dateModified":"2025-11-07T11:18:16+01:00","inLanguage":"fr-FR","mainEntityOfPage":{"@id":"https:\/\/arbonature-elagage-doussaint.fr\/2025\/07\/14\/elagage-cedre-du-liban-vienne-86\/#webpage"},"isPartOf":{"@id":"https:\/\/arbonature-elagage-doussaint.fr\/2025\/07\/14\/elagage-cedre-du-liban-vienne-86\/#webpage"},"articleSection":"Par d\u00e9faut"},{"@type":"BreadcrumbList","@id":"https:\/\/arbonature-elagage-doussaint.fr\/2025\/07\/14\/elagage-cedre-du-liban-vienne-86\/#breadcrumblist","itemListElement":[{"@type":"ListItem","@id":"https:\/\/arbonature-elagage-doussaint.fr#listItem","position":1,"name":"Home","item":"https:\/\/arbonature-elagage-doussaint.fr","nextItem":{"@type":"ListItem","@id":"https:\/\/arbonature-elagage-doussaint.fr\/actualites\/#listItem","name":"Actualit\u00e9s"}},{"@type":"ListItem","@id":"https:\/\/arbonature-elagage-doussaint.fr\/actualites\/#listItem","position":2,"name":"Actualit\u00e9s","previousItem":{"@type":"ListItem","@id":"https:\/\/arbonature-elagage-doussaint.fr#listItem","name":"Home"}}]},{"@type":"Organization","@id":"https:\/\/arbonature-elagage-doussaint.fr\/#organization","name":"arbonature-elagage-doussaint.fr","url":"https:\/\/arbonature-elagage-doussaint.fr\/"},{"@type":"Person","@id":"https:\/\/arbonature-elagage-doussaint.fr\/author\/graph\/#author","url":"https:\/\/arbonature-elagage-doussaint.fr\/author\/graph\/","name":"graph","image":{"@type":"ImageObject","@id":"https:\/\/arbonature-elagage-doussaint.fr\/2025\/07\/14\/elagage-cedre-du-liban-vienne-86\/#authorImage","url":"https:\/\/secure.gravatar.com\/avatar\/7f5520d18df578cd925368726d1b876bf5a47e72717fd893a965964167c5c053?s=96&d=mm&r=g","width":96,"height":96,"caption":"graph"}},{"@type":"WebPage","@id":"https:\/\/arbonature-elagage-doussaint.fr\/2025\/07\/14\/elagage-cedre-du-liban-vienne-86\/#webpage","url":"https:\/\/arbonature-elagage-doussaint.fr\/2025\/07\/14\/elagage-cedre-du-liban-vienne-86\/","name":"\u00c9lagage d\u2019un c\u00e8dre du Liban (86) : r\u00e9duction & s\u00e9curit\u00e9","description":"R\u00e9duction de couronne et nettoyage du bois mort sur un c\u00e8dre du Liban dans la Vienne (86) pour s\u00e9curiser les b\u00e2timents. Devis ARBO\u2019NATURE.","inLanguage":"fr-FR","isPartOf":{"@id":"https:\/\/arbonature-elagage-doussaint.fr\/#website"},"breadcrumb":{"@id":"https:\/\/arbonature-elagage-doussaint.fr\/2025\/07\/14\/elagage-cedre-du-liban-vienne-86\/#breadcrumblist"},"author":{"@id":"https:\/\/arbonature-elagage-doussaint.fr\/author\/graph\/#author"},"creator":{"@id":"https:\/\/arbonature-elagage-doussaint.fr\/author\/graph\/#author"},"image":{"@type":"ImageObject","url":"https:\/\/arbonature-elagage-doussaint.fr\/wp-content\/uploads\/2025\/07\/1.jpg","@id":"https:\/\/arbonature-elagage-doussaint.fr\/2025\/07\/14\/elagage-cedre-du-liban-vienne-86\/#mainImage","width":1200,"height":1600},"primaryImageOfPage":{"@id":"https:\/\/arbonature-elagage-doussaint.fr\/2025\/07\/14\/elagage-cedre-du-liban-vienne-86\/#mainImage"},"datePublished":"2025-07-14T12:38:05+02:00","dateModified":"2025-11-07T11:18:16+01:00"},{"@type":"WebSite","@id":"https:\/\/arbonature-elagage-doussaint.fr\/#website","url":"https:\/\/arbonature-elagage-doussaint.fr\/","name":"NOWA","inLanguage":"fr-FR","publisher":{"@id":"https:\/\/arbonature-elagage-doussaint.fr\/#organization"}}]},"og:locale":"fr_FR","og:site_name":"NOWA","og:type":"article","og:title":"\u00c9lagage d\u2019un c\u00e8dre du Liban (86) : r\u00e9duction &amp; s\u00e9curit\u00e9","og:description":"R\u00e9duction de couronne et nettoyage du bois mort sur un c\u00e8dre du Liban dans la Vienne (86) pour s\u00e9curiser les b\u00e2timents. Devis ARBO\u2019NATURE.","og:url":"https:\/\/arbonature-elagage-doussaint.fr\/2025\/07\/14\/elagage-cedre-du-liban-vienne-86\/","og:image":"https:\/\/arbonature-elagage-doussaint.fr\/wp-content\/uploads\/2025\/07\/1.jpg","og:image:secure_url":"https:\/\/arbonature-elagage-doussaint.fr\/wp-content\/uploads\/2025\/07\/1.jpg","og:image:width":1200,"og:image:height":1600,"article:published_time":"2025-07-14T10:38:05+00:00","article:modified_time":"2025-11-07T10:18:16+00:00","twitter:card":"summary","twitter:title":"\u00c9lagage d\u2019un c\u00e8dre du Liban (86) : r\u00e9duction &amp; s\u00e9curit\u00e9","twitter:description":"R\u00e9duction de couronne et nettoyage du bois mort sur un c\u00e8dre du Liban dans la Vienne (86) pour s\u00e9curiser les b\u00e2timents. Devis ARBO\u2019NATURE.","twitter:image":"https:\/\/arbonature-elagage-doussaint.fr\/wp-content\/uploads\/2025\/07\/1.jpg"},"aioseo_meta_data":{"post_id":"1968","title":"Actualit\u00e9s | Arbo'Nature \u00e0 Lusignan","description":"Restez au fait des actualit\u00e9s d\u2019Arbo'Nature \u00e0 Lusignan dans le but de ne manquer aucune offre ou information relative \u00e0 ses prestations.","keywords":null,"keyphrases":{"focus":{"keyphrase":"","score":0,"analysis":{"keyphraseInTitle":{"score":0,"maxScore":9,"error":1}}},"additional":[]},"primary_term":null,"canonical_url":null,"og_title":null,"og_description":null,"og_object_type":"default","og_image_type":"default","og_image_url":null,"og_image_width":null,"og_image_height":null,"og_image_custom_url":null,"og_image_custom_fields":null,"og_video":"","og_custom_url":null,"og_article_section":null,"og_article_tags":null,"twitter_use_og":false,"twitter_card":"default","twitter_image_type":"default","twitter_image_url":null,"twitter_image_custom_url":null,"twitter_image_custom_fields":null,"twitter_title":null,"twitter_description":null,"schema":{"blockGraphs":[],"customGraphs":[],"default":{"data":{"Article":[],"Course":[],"Dataset":[],"FAQPage":[],"Movie":[],"Person":[],"Product":[],"ProductReview":[],"Car":[],"Recipe":[],"Service":[],"SoftwareApplication":[],"WebPage":[]},"graphName":"WebPage","isEnabled":true},"graphs":[]},"schema_type":"default","schema_type_options":null,"pillar_content":false,"robots_default":true,"robots_noindex":false,"robots_noarchive":false,"robots_nosnippet":false,"robots_nofollow":false,"robots_noimageindex":false,"robots_noodp":false,"robots_notranslate":false,"robots_max_snippet":"-1","robots_max_videopreview":"-1","robots_max_imagepreview":"large","priority":null,"frequency":"default","location":null,"local_seo":null,"breadcrumb_settings":null,"limit_modified_date":false,"ai":null,"created":"2025-07-10 14:46:25","updated":"2025-07-14 11:06:50","seo_analyzer_scan_date":null,"focus_keyword":null,"additional_keywords":null,"truseo_locale":null},"aioseo_breadcrumb":"<div class=\"aioseo-breadcrumbs\"><span class=\"aioseo-breadcrumb\">\n\t\t\t<a href=\"https:\/\/arbonature-elagage-doussaint.fr\" title=\"Home\">Home<\/a>\n\t\t<\/span><span class=\"aioseo-breadcrumb-separator\">&raquo;<\/span><span class=\"aioseo-breadcrumb\">\n\t\t\tActualit\u00e9s\n\t\t<\/span><\/div>","aioseo_breadcrumb_json":[{"label":"Home","link":"https:\/\/arbonature-elagage-doussaint.fr"},{"label":"Actualit\u00e9s","link":"https:\/\/arbonature-elagage-doussaint.fr\/actualites\/"}],"_links":{"self":[{"href":"https:\/\/arbonature-elagage-doussaint.fr\/nov-apijson\/wp\/v2\/pages\/1968","targetHints":{"allow":["GET"]}}],"collection":[{"href":"https:\/\/arbonature-elagage-doussaint.fr\/nov-apijson\/wp\/v2\/pages"}],"about":[{"href":"https:\/\/arbonature-elagage-doussaint.fr\/nov-apijson\/wp\/v2\/types\/page"}],"author":[{"embeddable":true,"href":"https:\/\/arbonature-elagage-doussaint.fr\/nov-apijson\/wp\/v2\/users\/38"}],"replies":[{"embeddable":true,"href":"https:\/\/arbonature-elagage-doussaint.fr\/nov-apijson\/wp\/v2\/comments?post=1968"}],"version-history":[{"count":4,"href":"https:\/\/arbonature-elagage-doussaint.fr\/nov-apijson\/wp\/v2\/pages\/1968\/revisions"}],"predecessor-version":[{"id":2355,"href":"https:\/\/arbonature-elagage-doussaint.fr\/nov-apijson\/wp\/v2\/pages\/1968\/revisions\/2355"}],"wp:attachment":[{"href":"https:\/\/arbonature-elagage-doussaint.fr\/nov-apijson\/wp\/v2\/media?parent=1968"}],"curies":[{"name":"wp","href":"https:\/\/api.w.org\/{rel}","templated":true}]}}